{"id":102,"date":"2020-01-07T15:18:37","date_gmt":"2020-01-07T14:18:37","guid":{"rendered":"https:\/\/www.malmedyfolklore.be\/?page_id=102"},"modified":"2023-03-16T12:57:15","modified_gmt":"2023-03-16T11:57:15","slug":"gretedar","status":"publish","type":"page","link":"https:\/\/www.malmedyfolklore.be\/?page_id=102","title":{"rendered":"Halle de Gr\u00e8t\u00e8dar"},"content":{"rendered":"\n<h2 class=\"wp-block-heading\">La Halle de Gr\u00e8t\u00e8dar<\/h2>\n\n\n\n<figure class=\"wp-block-image size-large\"><img loading=\"lazy\" decoding=\"async\" width=\"1024\" height=\"681\" src=\"https:\/\/www.malmedyfolklore.be\/wp-content\/uploads\/2023\/03\/halle-de-Malmedy-Folklore-1024x681.jpg\" alt=\"\" class=\"wp-image-621\" srcset=\"https:\/\/www.malmedyfolklore.be\/wp-content\/uploads\/2023\/03\/halle-de-Malmedy-Folklore-1024x681.jpg 1024w, https:\/\/www.malmedyfolklore.be\/wp-content\/uploads\/2023\/03\/halle-de-Malmedy-Folklore-300x199.jpg 300w, https:\/\/www.malmedyfolklore.be\/wp-content\/uploads\/2023\/03\/halle-de-Malmedy-Folklore-768x511.jpg 768w, https:\/\/www.malmedyfolklore.be\/wp-content\/uploads\/2023\/03\/halle-de-Malmedy-Folklore-1536x1021.jpg 1536w, https:\/\/www.malmedyfolklore.be\/wp-content\/uploads\/2023\/03\/halle-de-Malmedy-Folklore-2048x1362.jpg 2048w\" sizes=\"auto, (max-width: 706px) 89vw, (max-width: 767px) 82vw, 740px\" \/><\/figure>\n\n\n\n<p>La Soci\u00e9t\u00e9 Royale \nMalmedy-Folklore est la seule association culturelle de Malmedy \u00e0 poss\u00e9der en \nbien propre un b\u00e2timent historique de notre ville.     \n           \n        <\/p>\n\n\n\n<p>&nbsp;&nbsp;&nbsp;&nbsp;&nbsp;&nbsp;&nbsp;&nbsp;&nbsp; \nC&rsquo;est le 6 octobre 1964 que Malmedy-Folklore acquit aux h\u00e9ritiers Pierry ce \nqu&rsquo;il est convenu d&rsquo;appeler \u00ab\u00a0<em>la Halle<\/em>\u00a0\u00bb de Gr\u00e8t\u00e8dar. Ce b\u00e2timent, -qui \naurait sans doute \u00e9t\u00e9 d\u00e9moli sans notre intervention-, m\u00e9ritait d&rsquo;\u00eatre conserv\u00e9 \ncar il fut sous l&rsquo;Ancien R\u00e9gime notre ancienne \u00ab\u00a0<em>Maison de Ville<\/em>     \n           \n               \n            \n        \u00ab\u00a0, et il reste le seul \u00e9difice \nqui rec\u00e8le les derniers vestiges des fortifications de Malmedy au 17e \nsi\u00e8cle.     \n           \n               \n            \n               \n           \n<\/p>\n\n\n\n<p>&nbsp;&nbsp;&nbsp;&nbsp;&nbsp;&nbsp;&nbsp;&nbsp;&nbsp; En 1601 en effet, \nexc\u00e9d\u00e9s par les incursions et les pillages dont ils \u00e9taient continuellement \nvictimes, les bourgeois de Malmedy commenc\u00e8rent \u00e0 prot\u00e9ger leur cit\u00e9 en \nl&rsquo;entourant de murailles flanqu\u00e9es de tours d&rsquo;angles, de foss\u00e9s et de portes \nfortifi\u00e9es avec corps de garde \u00e0 chacune des huit entr\u00e9es de la \nville.     \n           \n           \n            \n            <\/p>\n\n\n\n<p>&nbsp;&nbsp;&nbsp;&nbsp;&nbsp;&nbsp;&nbsp;&nbsp;&nbsp; Parmi elles, la \nporte de Gr\u00e8t\u00e8dar barrait le chemin vers Livremont. Elle devait \u00eatre \nparticuli\u00e8rement strat\u00e9gique car c&rsquo;est par les hauteurs de Livremont que la \nsoldatesque de Martin Schenck avait perp\u00e9tr\u00e9 le sac et l&rsquo;incendie de Malmedy en \n1587.     \n           \n            \n           <\/p>\n\n\n\n<p>&nbsp;&nbsp;&nbsp;&nbsp;&nbsp;&nbsp;&nbsp;&nbsp;&nbsp; Malheureusement, \nd\u00e8s 1676, toutes nos fortifications furent d\u00e9mantel\u00e9es par des troupes \nfran\u00e7aises, et la porte de Gr\u00e8t\u00e8dar disparut elle aussi dans ces destructions, \nvictime des guerres du roi Louis XIV. Le 4 octobre 1689, un d\u00e9tachement des \nm\u00eames arm\u00e9es fran\u00e7aises r\u00e9duisit encore en cendres plus de 600 maisons de notre \ncit\u00e9, y compris les \u00e9glises abbatiale et paroissiale, et la Halle qui se \ntrouvait au milieu de l&rsquo;actuelle place Albert 1er.   \n          \n             \n              \n             \n             \n     <\/p>\n\n\n\n<p>&nbsp;&nbsp;&nbsp;&nbsp;&nbsp;&nbsp;&nbsp;&nbsp;&nbsp; L&rsquo;on \nd\u00e9cida de construire une nouvelle Halle \u00e0 l&#8217;emplacement de l&rsquo;ancienne porte de \nGr\u00e8t\u00e8dar. Nous savons quand elle fut b\u00e2tie puisque dans sa chronique \n(1772-1802), Thomas Joseph Lacaille nous dit : \u00ab\u00a0<em>1726 et 27 : la Maison de \nVille b\u00e2tie et a co\u00fbt\u00e9 3000 rixdallers &#8211; pi\u00e8ce superbe<\/em> \u00ab\u00a0.    \n           \n            \n                  \n     Le mill\u00e9sime 1727 se retrouve d&rsquo;ailleurs grav\u00e9 au \nlinteau de la porte d&rsquo;entr\u00e9e, et en ferrures d&rsquo;ancrages au pignon \nouest.    \n           \n            \n                  \n             \n           <\/p>\n\n\n\n<p>&nbsp;&nbsp;&nbsp;&nbsp;&nbsp;&nbsp;&nbsp;&nbsp;&nbsp; Jusqu&rsquo;en 1794, la \nHalle resta le si\u00e8ge de la Haute Cour de Justice et du Magistrat de Malmedy. Les \nautorit\u00e9s fran\u00e7aises en firent leur Mairie. Puis elle fut lou\u00e9e \u00e0 des \nparticuliers avant d&rsquo;\u00eatre vendue en 1818 \u00e0 la famille Stouse. Celle-ci la c\u00e9da \nen 1897 \u00e0 Hubert Pierry, et ses petits-enfants la vendirent en 1964 \u00e0 \nMalmedy-Folklore.    \n               \n             \n             \n             \n<\/p>\n\n\n\n<p>&nbsp;&nbsp;&nbsp;&nbsp;&nbsp;&nbsp;&nbsp;&nbsp;&nbsp; Ce b\u00e2timent de \ncaract\u00e8re, en pierre d&rsquo;arkose, aux baies encadr\u00e9es de pierre bleue en schiste de \nRecht, est effectivement superbe. Si bien qu&rsquo;en 1998, la Soci\u00e9t\u00e9 Royale \nMalmedy-Folklore en a obtenu le classement officiel comme monument historique \npar la R\u00e9gion Wallonne.     \n             \n           \n          \n    <\/p>\n\n\n\n<p>&nbsp;&nbsp;&nbsp;&nbsp;&nbsp;&nbsp;&nbsp;&nbsp;&nbsp; La Halle de  Gr\u00e8t\u00e8dar, aux locaux particuli\u00e8rement attrayants comme galerie d&rsquo;art, est  ouverte au public plusieurs fois l&rsquo;ann\u00e9e, lors de pr\u00e9sentations th\u00e9matiques ou  lors d&rsquo;expositions de sculptures, de peintures, de c\u00e9ramiques, et autres  &#8230;<\/p>\n\n\n\n<p>Pour tous renseignements compl\u00e9mentaires concernant la halle et la location de celle-ci,  voyez \u00e0 <a href=\"https:\/\/www.malmedyfolklore.be\/?page_id=125\">cette page<\/a> .<\/p>\n\n\n\n<div class=\"wp-block-group\"><div class=\"wp-block-group__inner-container is-layout-flow wp-block-group-is-layout-flow\">\n<figure class=\"wp-block-gallery has-nested-images columns-default is-cropped wp-block-gallery-1 is-layout-flex wp-block-gallery-is-layout-flex\">\n<figure class=\"wp-block-image size-large\"><img loading=\"lazy\" decoding=\"async\" width=\"395\" height=\"572\" data-id=\"141\" src=\"https:\/\/www.malmedyfolklore.be\/wp-content\/uploads\/2020\/01\/Gret3.jpg\" alt=\"\" class=\"wp-image-141\" srcset=\"https:\/\/www.malmedyfolklore.be\/wp-content\/uploads\/2020\/01\/Gret3.jpg 395w, https:\/\/www.malmedyfolklore.be\/wp-content\/uploads\/2020\/01\/Gret3-207x300.jpg 207w\" sizes=\"auto, (max-width: 395px) 100vw, 395px\" \/><\/figure>\n\n\n\n<figure class=\"wp-block-image size-large\"><img loading=\"lazy\" decoding=\"async\" width=\"395\" height=\"572\" data-id=\"139\" src=\"https:\/\/www.malmedyfolklore.be\/wp-content\/uploads\/2020\/01\/Gret2.jpg\" alt=\"\" class=\"wp-image-139\" srcset=\"https:\/\/www.malmedyfolklore.be\/wp-content\/uploads\/2020\/01\/Gret2.jpg 395w, https:\/\/www.malmedyfolklore.be\/wp-content\/uploads\/2020\/01\/Gret2-207x300.jpg 207w\" sizes=\"auto, (max-width: 395px) 100vw, 395px\" \/><\/figure>\n<\/figure>\n<\/div><\/div>\n\n\n\n<h2 class=\"wp-block-heading\"><\/h2>\n\n\n\n<figure class=\"wp-block-gallery has-nested-images columns-default is-cropped wp-block-gallery-2 is-layout-flex wp-block-gallery-is-layout-flex\"><\/figure>\n\n\n\n<figure class=\"wp-block-gallery has-nested-images columns-default is-cropped wp-block-gallery-3 is-layout-flex wp-block-gallery-is-layout-flex\"><\/figure>\n\n\n\n<figure class=\"wp-block-gallery has-nested-images columns-default is-cropped wp-block-gallery-4 is-layout-flex wp-block-gallery-is-layout-flex\"><\/figure>\n\n\n\n<figure class=\"wp-block-gallery has-nested-images columns-default is-cropped wp-block-gallery-5 is-layout-flex wp-block-gallery-is-layout-flex\"><\/figure>\n\n\n\n<figure class=\"wp-block-gallery has-nested-images columns-default is-cropped wp-block-gallery-6 is-layout-flex wp-block-gallery-is-layout-flex\"><\/figure>\n\n\n\n<figure class=\"wp-block-gallery has-nested-images columns-default is-cropped wp-block-gallery-7 is-layout-flex wp-block-gallery-is-layout-flex\"><\/figure>\n\n\n\n<figure class=\"wp-block-gallery has-nested-images columns-default is-cropped wp-block-gallery-8 is-layout-flex wp-block-gallery-is-layout-flex\"><\/figure>\n\n\n\n<figure class=\"wp-block-gallery has-nested-images columns-default is-cropped wp-block-gallery-9 is-layout-flex wp-block-gallery-is-layout-flex\"><\/figure>\n","protected":false},"excerpt":{"rendered":"<p>La Halle de Gr\u00e8t\u00e8dar La Soci\u00e9t\u00e9 Royale Malmedy-Folklore est la seule association culturelle de Malmedy \u00e0 poss\u00e9der en bien propre un b\u00e2timent historique de notre ville. &nbsp;&nbsp;&nbsp;&nbsp;&nbsp;&nbsp;&nbsp;&nbsp;&nbsp; C&rsquo;est le 6 octobre 1964 que Malmedy-Folklore acquit aux h\u00e9ritiers Pierry ce qu&rsquo;il est convenu d&rsquo;appeler \u00ab\u00a0la Halle\u00a0\u00bb de Gr\u00e8t\u00e8dar. Ce b\u00e2timent, -qui aurait sans doute \u00e9t\u00e9 d\u00e9moli &hellip; <\/p>\n<p class=\"link-more\"><a href=\"https:\/\/www.malmedyfolklore.be\/?page_id=102\" class=\"more-link\">Continuer la lecture<span class=\"screen-reader-text\"> de &laquo;&nbsp;Halle de Gr\u00e8t\u00e8dar&nbsp;&raquo;<\/span><\/a><\/p>\n","protected":false},"author":1,"featured_media":0,"parent":0,"menu_order":0,"comment_status":"closed","ping_status":"closed","template":"","meta":{"footnotes":""},"class_list":["post-102","page","type-page","status-publish","hentry"],"_links":{"self":[{"href":"https:\/\/www.malmedyfolklore.be\/index.php?rest_route=\/wp\/v2\/pages\/102","targetHints":{"allow":["GET"]}}],"collection":[{"href":"https:\/\/www.malmedyfolklore.be\/index.php?rest_route=\/wp\/v2\/pages"}],"about":[{"href":"https:\/\/www.malmedyfolklore.be\/index.php?rest_route=\/wp\/v2\/types\/page"}],"author":[{"embeddable":true,"href":"https:\/\/www.malmedyfolklore.be\/index.php?rest_route=\/wp\/v2\/users\/1"}],"replies":[{"embeddable":true,"href":"https:\/\/www.malmedyfolklore.be\/index.php?rest_route=%2Fwp%2Fv2%2Fcomments&post=102"}],"version-history":[{"count":19,"href":"https:\/\/www.malmedyfolklore.be\/index.php?rest_route=\/wp\/v2\/pages\/102\/revisions"}],"predecessor-version":[{"id":622,"href":"https:\/\/www.malmedyfolklore.be\/index.php?rest_route=\/wp\/v2\/pages\/102\/revisions\/622"}],"wp:attachment":[{"href":"https:\/\/www.malmedyfolklore.be\/index.php?rest_route=%2Fwp%2Fv2%2Fmedia&parent=102"}],"curies":[{"name":"wp","href":"https:\/\/api.w.org\/{rel}","templated":true}]}}